{"id":611,"date":"2021-06-13T11:22:46","date_gmt":"2021-06-13T11:22:46","guid":{"rendered":"https:\/\/estoniansociety.co.uk\/?page_id=611"},"modified":"2021-06-25T14:30:50","modified_gmt":"2021-06-25T14:30:50","slug":"tule-rahvatantsu-ja-osale-uldtantsupeol","status":"publish","type":"page","link":"https:\/\/www.estoniansociety.co.uk\/en\/tule-rahvatantsu-ja-osale-uldtantsupeol\/","title":{"rendered":"Uudised &#8211; Tule rahvatantsu ja osale \u00dcldtantsupeol!"},"content":{"rendered":"<p><span style=\"color: #5e5e61;\">\u00a0 \u00a0 \u00a0 \u00a0 \u00a0 \u00a0<\/span><\/p>\n<hr \/>\n<h2 style=\"font-weight: 400; text-align: center;\"><span style=\"color: #5e5e61;\"><b><strong>Estonian Folks kutsub osalema XX \u00dcldtantsupeol \u201cMinu arm\u201d.<\/strong><\/b><\/span><\/h2>\n<p style=\"font-weight: 400; text-align: center;\"><span style=\"color: #5e5e61;\"><b><strong>Avatud 2 tantsur\u00fchma:\u00a0\u00a0Laster\u00fchm (7-12a) ja nende vanemad.\u00a0\u00a0Segar\u00fchm<\/strong><\/b><\/span><\/p>\n<p style=\"text-align: left;\"><span style=\"color: #5e5e61;\">Saadan teile \u00fcleskutse osalemaks tuleval XX \u00dcldtantsupeol &#8220;Minu arm&#8221;, mis \u200bv\u00e4ga eriline terves tantsupeo sarjas. Nimelt on tegemist \u00fcldtantsupidude juubelpeoga ja teiseks on seekordne tantsupidu p\u00fchendatud Eesti 100ks juubeliks &#8211; 2 suurt juubelit \u00fches!<\/span><\/p>\n<p><span style=\"color: #5e5e61;\">Esimest korda Tantsupidude ajaloos pannakse kokku r\u00fchm, mis koosneb nii lastest kui ka t\u00e4iskasvanutest. Kokku v\u00f5etakse r\u00fchma 16 last ja 8 t\u00e4iskasvanut. Laste eaks on m\u00e4rgitud 1-5 klass Eesti kooli\u00f5ppe j\u00e4rgi ja v\u00e4liseestlastele oleks see 5 -12 eluaastat.<\/span><br \/>\n<span style=\"color: #5e5e61;\">Repertuaaris on 1 tants, mille autoriks on legendaarne Kalev J\u00e4rvela ja muusika autoriks on Estonian Voices. &#8220;Kirisabalind&#8221; &#8211; tants mis on kokkupandud erinevatest Eesti seltskonna m\u00e4ngudest lastele, n\u00e4iteks; Kes aias, Rukkil\u00f5ikamine, Entel Tentel jne. J\u00f5ukohane ja p\u00f5nev nii suuretele kui ka v\u00e4ikestele.<\/span><\/p>\n<p style=\"font-weight: 400;\"><span style=\"color: #5e5e61;\">See on erakordne v\u00f5imalus osaleda just v\u00e4liseesti lastel tantsupeol. Teeme koos ajalugu ja viime oma lapsed Tantsupeole!<\/span><\/p>\n<p style=\"font-weight: 400;\"><span style=\"color: #5e5e61;\">Tantsu \u00f5ppime 2 korda kuus, Eesti Majas Londonis (allpool on kuup\u00e4evad).<\/span><br \/>\n<span style=\"color: #5e5e61;\">Tantsu \u00f5ppimiseks on pool aastat ning jaanuari l\u00f5pus teeme tantsust video, et see saata \u00fclevaatamiseks.<\/span><\/p>\n<p><span style=\"color: #5e5e61;\">Huvi korral kirjuta: <span style=\"color: #ff9900;\"><a style=\"color: #ff9900;\" href=\"mailto:info@estonianfolks.com\">info@estonianfolks.com<\/a> <\/span>ja r\u00e4\u00e4gime l\u00e4hemalt!<\/span><\/p>\n<p><span style=\"color: #5e5e61;\">Perer\u00fchma trennid:<\/span><\/p>\n<ul>\n<li><span style=\"color: #5e5e61;\">29.September, kell 16.00-17.00<\/span><\/li>\n<li><span style=\"color: #5e5e61;\">6. Oktoober, kell 16.00-17.00<\/span><\/li>\n<li><span style=\"color: #5e5e61;\">20. Oktoober, kell 16.00-17.00<\/span><\/li>\n<li><span style=\"color: #5e5e61;\">3. November, kell 16.00-17.00<\/span><\/li>\n<li><span style=\"color: #5e5e61;\">17. November, kell 16.00-17.00<\/span><\/li>\n<li><span style=\"color: #5e5e61;\">1.Detsember, kell 16.00-17.00<\/span><\/li>\n<li><span style=\"color: #5e5e61;\">15. Detsember, kell 16.00-17.00<\/span><\/li>\n<\/ul>\n<hr \/>\n<p><span style=\"color: #5e5e61;\">Marje Remmet<br \/>\n<\/span><span style=\"color: #5e5e61;\">Creative director<\/span><br \/>\n<span style=\"color: #5e5e61;\">Estonian Folks | +447926115170<\/span> | <span style=\"color: #ff9900;\"><a style=\"color: #ff9900;\" href=\"https:\/\/mail.z-bit.ee\/?_h=30ba2db22c5174661020a2674cba1662\" data-saferedirecturl=\"redir.hsp?url=%68%74%74%70%3A%2F%2F%77%77%77%2E%65%73%74%6F%6E%69%61%6E%66%6F%6C%6B%73%2E%63%6F%6D\">http:\/\/www.estonianfolks.com<\/a><\/span><\/p>\n<p>&nbsp;<\/p>\n<p>&nbsp;<\/p>\n<p>&nbsp;<\/p>\n<p>&nbsp;<\/p>","protected":false},"excerpt":{"rendered":"<p>\u00a0 \u00a0 \u00a0 \u00a0 \u00a0 \u00a0 Estonian Folks kutsub osalema XX \u00dcldtantsupeol \u201cMinu arm\u201d. Avatud 2 tantsur\u00fchma:\u00a0\u00a0Laster\u00fchm (7-12a) ja nende vanemad.\u00a0\u00a0Segar\u00fchm Saadan teile \u00fcleskutse osalemaks tuleval XX \u00dcldtantsupeol &#8220;Minu arm&#8221;, mis \u200bv\u00e4ga eriline terves tantsupeo sarjas. Nimelt on tegemist \u00fcldtantsupidude juubelpeoga ja teiseks on seekordne tantsupidu p\u00fchendatud Eesti 100ks juubeliks &#8211; 2 suurt juubelit \u00fches! &hellip;<\/p>\n<p class=\"read-more\"> <a class=\"\" href=\"https:\/\/www.estoniansociety.co.uk\/en\/tule-rahvatantsu-ja-osale-uldtantsupeol\/\"> <span class=\"screen-reader-text\">Uudised &#8211; Tule rahvatantsu ja osale \u00dcldtantsupeol!<\/span> Read More &raquo;<\/a><\/p>","protected":false},"author":1,"featured_media":0,"parent":0,"menu_order":0,"comment_status":"closed","ping_status":"closed","template":"","meta":{"_mi_skip_tracking":false,"footnotes":""},"class_list":["post-611","page","type-page","status-publish","hentry"],"_links":{"self":[{"href":"https:\/\/www.estoniansociety.co.uk\/en\/wp-json\/wp\/v2\/pages\/611","targetHints":{"allow":["GET"]}}],"collection":[{"href":"https:\/\/www.estoniansociety.co.uk\/en\/wp-json\/wp\/v2\/pages"}],"about":[{"href":"https:\/\/www.estoniansociety.co.uk\/en\/wp-json\/wp\/v2\/types\/page"}],"author":[{"embeddable":true,"href":"https:\/\/www.estoniansociety.co.uk\/en\/wp-json\/wp\/v2\/users\/1"}],"replies":[{"embeddable":true,"href":"https:\/\/www.estoniansociety.co.uk\/en\/wp-json\/wp\/v2\/comments?post=611"}],"version-history":[{"count":5,"href":"https:\/\/www.estoniansociety.co.uk\/en\/wp-json\/wp\/v2\/pages\/611\/revisions"}],"predecessor-version":[{"id":1523,"href":"https:\/\/www.estoniansociety.co.uk\/en\/wp-json\/wp\/v2\/pages\/611\/revisions\/1523"}],"wp:attachment":[{"href":"https:\/\/www.estoniansociety.co.uk\/en\/wp-json\/wp\/v2\/media?parent=611"}],"curies":[{"name":"wp","href":"https:\/\/api.w.org\/{rel}","templated":true}]}}