{"id":1238,"date":"2021-06-14T20:23:15","date_gmt":"2021-06-14T20:23:15","guid":{"rendered":"https:\/\/estoniansociety.co.uk\/?page_id=1238"},"modified":"2021-06-22T20:44:23","modified_gmt":"2021-06-22T20:44:23","slug":"seltsi-lood-londoni-eesti-seltsi-koor-kuuditamise-malestusjumalateenistus-st-jamesi-kirikus","status":"publish","type":"page","link":"https:\/\/www.estoniansociety.co.uk\/en\/seltsi-lood-londoni-eesti-seltsi-koor-kuuditamise-malestusjumalateenistus-st-jamesi-kirikus\/","title":{"rendered":"Seltsist &#8211; Koor &#8211; Koori Lood \u2013 K\u00fc\u00fcditamise M\u00e4lestusjumalateenistus St Jamesi Kirikus"},"content":{"rendered":"<h2 style=\"text-align: center;\">K\u00fc\u00fcditamise M\u00e4lestusjumalateenistus St Jamesi Kirikus<\/h2>\n<p>&nbsp;<\/p>\n<p>LESi segakoori esimene avalik \u00fclesastumine p\u00e4rast taasloomist 2010. aasta kevadel toimus St Jamesi kirikus Piccadillyl, kus 13. juunil\u00a0<a href=\"http:\/\/balticsociety.org\/\">LSESU Baltic Society<\/a>poolt korraldatud jumalateenistusel m\u00e4lestati k\u00fcmnete tuhandete eestlaste, l\u00e4tlaste ja leedulaste k\u00fc\u00fcditamist N\u00f5ukogude okupatsiooni ajal.<br class=\"kix-line-break\" \/><br class=\"kix-line-break\" \/>Segakoor esines iseseisvalt &#8220;Lauluga P\u00f5hjamaast&#8221;; Balti riikide \u00fchendkoori koosseisus tulid esitusele Ester M\u00e4gi &#8220;Dona nobis pacem&#8221;, l\u00e4tikeelne Veronika\u00a0 Lacekle &#8220;Muzibas mirdzums&#8221; ja leedukeelne Vidmantas Bartulise &#8220;Maldele&#8221;.<\/p>","protected":false},"excerpt":{"rendered":"<p>K\u00fc\u00fcditamise M\u00e4lestusjumalateenistus St Jamesi Kirikus &nbsp; LESi segakoori esimene avalik \u00fclesastumine p\u00e4rast taasloomist 2010. aasta kevadel toimus St Jamesi kirikus Piccadillyl, kus 13. juunil\u00a0LSESU Baltic Societypoolt korraldatud jumalateenistusel m\u00e4lestati k\u00fcmnete tuhandete eestlaste, l\u00e4tlaste ja leedulaste k\u00fc\u00fcditamist N\u00f5ukogude okupatsiooni ajal.Segakoor esines iseseisvalt &#8220;Lauluga P\u00f5hjamaast&#8221;; Balti riikide \u00fchendkoori koosseisus tulid esitusele Ester M\u00e4gi &#8220;Dona nobis pacem&#8221;, l\u00e4tikeelne &hellip;<\/p>\n<p class=\"read-more\"> <a class=\"\" href=\"https:\/\/www.estoniansociety.co.uk\/en\/seltsi-lood-londoni-eesti-seltsi-koor-kuuditamise-malestusjumalateenistus-st-jamesi-kirikus\/\"> <span class=\"screen-reader-text\">Seltsist &#8211; Koor &#8211; Koori Lood \u2013 K\u00fc\u00fcditamise M\u00e4lestusjumalateenistus St Jamesi Kirikus<\/span> Read More &raquo;<\/a><\/p>","protected":false},"author":1,"featured_media":0,"parent":0,"menu_order":0,"comment_status":"closed","ping_status":"closed","template":"","meta":{"_mi_skip_tracking":false,"footnotes":""},"class_list":["post-1238","page","type-page","status-publish","hentry"],"_links":{"self":[{"href":"https:\/\/www.estoniansociety.co.uk\/en\/wp-json\/wp\/v2\/pages\/1238","targetHints":{"allow":["GET"]}}],"collection":[{"href":"https:\/\/www.estoniansociety.co.uk\/en\/wp-json\/wp\/v2\/pages"}],"about":[{"href":"https:\/\/www.estoniansociety.co.uk\/en\/wp-json\/wp\/v2\/types\/page"}],"author":[{"embeddable":true,"href":"https:\/\/www.estoniansociety.co.uk\/en\/wp-json\/wp\/v2\/users\/1"}],"replies":[{"embeddable":true,"href":"https:\/\/www.estoniansociety.co.uk\/en\/wp-json\/wp\/v2\/comments?post=1238"}],"version-history":[{"count":4,"href":"https:\/\/www.estoniansociety.co.uk\/en\/wp-json\/wp\/v2\/pages\/1238\/revisions"}],"predecessor-version":[{"id":1403,"href":"https:\/\/www.estoniansociety.co.uk\/en\/wp-json\/wp\/v2\/pages\/1238\/revisions\/1403"}],"wp:attachment":[{"href":"https:\/\/www.estoniansociety.co.uk\/en\/wp-json\/wp\/v2\/media?parent=1238"}],"curies":[{"name":"wp","href":"https:\/\/api.w.org\/{rel}","templated":true}]}}